{"id":86179,"date":"2021-09-02T05:00:51","date_gmt":"2021-09-02T03:00:51","guid":{"rendered":"https:\/\/www.leaders21.com\/?post_type=podcast&#038;p=86179"},"modified":"2025-04-10T08:39:44","modified_gmt":"2025-04-10T06:39:44","slug":"female-founders-co-founderin-und-ceo-lisa-fassl","status":"publish","type":"podcast","link":"https:\/\/www.leaders21.com\/de\/podcast\/female-founders-co-founderin-und-ceo-lisa-fassl\/","title":{"rendered":"Female Founders Co-Founderin und CEO Lisa-Marie Fassl &#8211; S1E10"},"content":{"rendered":"<div class=\"wpb-content-wrapper\"><p>[vc_row][vc_column width=&#8220;1\/1&#8243;][uncode_block id=&#8220;85867&#8243;][\/vc_column][\/vc_row][vc_row][vc_column width=&#8220;1\/2&#8243;][vc_single_image dynamic=&#8220;yes&#8220; media_width_percent=&#8220;100&#8243; media_ratio=&#8220;one-one&#8220;][\/vc_column][vc_column width=&#8220;1\/2&#8243;][vc_custom_heading heading_semantic=&#8220;h1&#8243; uncode_shortcode_id=&#8220;151647&#8243;]Female Founders Co-Founderin &amp; CEO und Forbes &#8222;30 under 30&#8243; Lisa-Marie Fassl &#8211; S1E10[\/vc_custom_heading][vc_column_text uncode_shortcode_id=&#8220;612046&#8220;]<\/p>\n<div class=\"\" data-block=\"true\" data-editor=\"crv6j\" data-offset-key=\"37gdn-0-0\">\n<div class=\"public-DraftStyleDefault-block public-DraftStyleDefault-ltr\" data-offset-key=\"37gdn-0-0\">\n<div class=\"\" data-block=\"true\" data-editor=\"71j7i\" data-offset-key=\"bfbok-0-0\">\n<div class=\"public-DraftStyleDefault-block public-DraftStyleDefault-ltr\" data-offset-key=\"bfbok-0-0\"><span data-offset-key=\"bfbok-0-0\">In Episode 10 begr\u00fc\u00dfen wir Co-Founderin und CEO von Female Founders: Lisa-Marie Fassl. Mit ihrem Unternehmen macht sie vor allem die F\u00f6rderung von Frauen im Tech-Bereich zum Thema und ist sp\u00e4testens seitdem in der \u00f6sterreichischen Startup-Szene etabliert. Ganz nebenbei ist sie seit Mai 2021 Start-up-Beauftragte des Bundesministeriums f\u00fcr Digitalisierung und Wirtschaftsstandorte und wurde vom Forbes Magazin als eine der \u201e30 unter 30\u201c ausgezeichnet.<\/span><\/div>\n<\/div>\n<div class=\"\" data-block=\"true\" data-editor=\"71j7i\" data-offset-key=\"d686r-0-0\">\n<div class=\"public-DraftStyleDefault-block public-DraftStyleDefault-ltr\" data-offset-key=\"d686r-0-0\"><span data-offset-key=\"d686r-0-0\">\u00a0<\/span><\/div>\n<\/div>\n<div class=\"\" data-block=\"true\" data-editor=\"71j7i\" data-offset-key=\"84pv3-0-0\">\n<div class=\"public-DraftStyleDefault-block public-DraftStyleDefault-ltr\" data-offset-key=\"84pv3-0-0\"><span data-offset-key=\"84pv3-0-0\">Im Gespr\u00e4ch mit Flo gibt Lisa uns Einblicke in ihre Arbeit, ihr Leadership-Verst\u00e4ndnis sowie wertvolle Learnings.<\/span><\/div>\n<\/div>\n<\/div>\n<\/div>\n<p>[\/vc_column_text][vc_column_text uncode_shortcode_id=&#8220;216688&#8243;]\t\t\t<style type=\"text\/css\">#pp-podcast-7471 a, .pp-modal-window .modal-7471 a, .pp-modal-window .aux-modal-7471 a, #pp-podcast-7471 .ppjs__more { color: #2a286c; } #pp-podcast-7471:not(.modern) .ppjs__audio .ppjs__button.ppjs__playpause-button button *, #pp-podcast-7471:not(.modern) .ppjs__audio .ppjs__button.ppjs__playpause-button button:hover *, #pp-podcast-7471:not(.modern) .ppjs__audio .ppjs__button.ppjs__playpause-button button:focus *, .pp-modal-window .modal-7471 .ppjs__audio .ppjs__button.ppjs__playpause-button button *, .pp-modal-window .modal-7471 .ppjs__audio .ppjs__button.ppjs__playpause-button button:hover *, .pp-modal-window .modal-7471 .ppjs__audio .ppjs__button.ppjs__playpause-button button:focus *, .pp-modal-window .aux-modal-7471 .pod-entry__play *, .pp-modal-window .aux-modal-7471 .pod-entry__play:hover * { color: #2a286c !important; } #pp-podcast-7471.postview .episode-list__load-more, .pp-modal-window .aux-modal-7471 .episode-list__load-more, #pp-podcast-7471:not(.modern) .ppjs__time-handle-content, .modal-7471 .ppjs__time-handle-content { border-color: #2a286c !important; } #pp-podcast-7471:not(.modern) .ppjs__audio-time-rail, #pp-podcast-7471.lv3 .pod-entry__play, #pp-podcast-7471.lv4 .pod-entry__play, #pp-podcast-7471.gv2 .pod-entry__play, #pp-podcast-7471.modern.wide-player .ppjs__audio .ppjs__button.ppjs__playpause-button button, #pp-podcast-7471.modern.wide-player .ppjs__audio .ppjs__button.ppjs__playpause-button button:hover, #pp-podcast-7471.modern.wide-player .ppjs__audio .ppjs__button.ppjs__playpause-button button:focus, .pp-modal-window .modal-7471 button.episode-list__load-more, .pp-modal-window .modal-7471 .ppjs__audio-time-rail, .pp-modal-window .modal-7471 button.pp-modal-close { background-color: #2a286c !important; } #pp-podcast-7471 .hasCover .ppjs__audio .ppjs__button.ppjs__playpause-button button { background-color: rgba(0, 0, 0, 0.5) !important; } .pp-modal-window .modal-7471 button.episode-list__load-more:hover, .pp-modal-window .modal-7471 button.episode-list__load-more:focus, .pp-modal-window .aux-modal-7471 button.episode-list__load-more:hover, .pp-modal-window .aux-modal-7471 button.episode-list__load-more:focus { background-color: rgba( 42,40,108, 0.7 ) !important; } #pp-podcast-7471 .ppjs__button.toggled-on, .pp-modal-window .modal-7471 .ppjs__button.toggled-on, #pp-podcast-7471.playerview .pod-entry.activeEpisode, .pp-modal-window .modal-7471.playerview .pod-entry.activeEpisode { background-color: rgba( 42,40,108, 0.1 ); } #pp-podcast-7471.postview .episode-list__load-more { background-color: transparent !important; } #pp-podcast-7471.modern:not(.wide-player) .ppjs__audio .ppjs__button.ppjs__playpause-button button *, #pp-podcast-7471.modern:not(.wide-player) .ppjs__audio .ppjs__button.ppjs__playpause-button button:hover *, #pp-podcast-7471.modern:not(.wide-player) .ppjs__audio .ppjs__button.ppjs__playpause-button button:focus * { color: #2a286c !important; } #pp-podcast-7471.modern:not(.wide-player) .ppjs__time-handle-content { border-color: #2a286c !important; } #pp-podcast-7471.modern:not(.wide-player) .ppjs__audio-time-rail { background-color: #2a286c !important; } #pp-podcast-7471, .modal-7471, .aux-modal-7471 { --pp-accent-color: #2a286c; } #pp-podcast-7471 .ppjs__share-button, .modal-7471 .ppjs__share-button { display: none; } #pp-podcast-7471 .ppjs__script-button { display: none; } #pp-podcast-7471 .pod-entry__author { display: none; } #pp-podcast-7471.playerview, #pp-podcast-7471.playerview .episode-single, #pp-podcast-7471.lv4 .pod-entry, .inline-view .modal-7471, .inline-view .aux-modal-7471 { background-color: #fae9d9!important; } #pp-podcast-7471.playerview .pp-player__amsg { background-color: rgba( 250,233,217, 0.95 )!important; }<\/style>\n\t\t\t<div id=\"pp-podcast-7471\" class=\"pp-podcast single-episode no-header header-hidden has-featured playerview hide-share hide-content squr centercrop\"  data-teaser=\"\" data-elength=\"25\" data-eunit=\"\" data-ppsdata=\"{&quot;ppe-7471-1&quot;:{&quot;title&quot;:&quot;&quot;,&quot;description&quot;:&quot;&quot;,&quot;author&quot;:&quot;&quot;,&quot;date&quot;:&quot;&quot;,&quot;link&quot;:&quot;92cf1cb86cd52a13823e6682d4e9d217&quot;,&quot;src&quot;:&quot;92cf1cb86cd52a13823e6682d4e9d217&quot;,&quot;mediatype&quot;:&quot;&quot;,&quot;featured&quot;:&quot;&quot;,&quot;fset&quot;:&quot;&quot;},&quot;rdata&quot;:{&quot;from&quot;:&quot;link&quot;,&quot;podcast&quot;:false,&quot;episode&quot;:false}}\"><div class=\"pp-podcast__wrapper\"><div class=\"pp-podcast__content pod-content\"><div class=\"pp-podcast__single\"><div class=\"pp-podcast__player\"><div class=\"pp-player-episode\"><audio id=\"pp-podcast-7471-player\" preload=\"none\" class=\"pp-podcast-episode\" style=\"width: 100%;\" controls=\"controls\"><source type=\"audio\/mpeg\" src=\"https:\/\/s3.amazonaws.com\/assets.pippa.io\/shows\/6051da3135b82c400078bf76\/1630498030332-d1d070d90a376d4d7c10bd65750e4568.mp3\" \/><\/audio><\/div><\/div><div class=\"pod-content__episode episode-single\"><button class=\"episode-single__close\" aria-expanded=\"false\" aria-label=\"Close Single Episode\"><span class=\"btn-icon-wrap\"><svg class=\"icon icon-pp-x\" aria-hidden=\"true\" role=\"img\" focusable=\"false\"><use href=\"#icon-pp-x\" xlink:href=\"#icon-pp-x\"><\/use><\/svg><\/span><\/button><div class=\"episode-single__wrapper\"><div class=\"episode-single__header\"><div class=\"episode-single__title\"><\/div><\/div><\/div><div class=\"ppjs__img-wrapper noimg\"><div class=\"ppjs__img-btn-cover\"><img decoding=\"async\" class=\"ppjs__img-btn\" src=\"\" srcset=\"\" sizes=\"(max-width: 640px) 100vw, 300px\" alt=\"\"><\/div><span class=\"ppjs__img-btn-style\" style=\"display: block; width: 100%; padding-top: 100%\"><\/div><\/div><\/div><\/div><\/div><\/div>[\/vc_column_text][\/vc_column][\/vc_row][vc_row][vc_column width=&#8220;1\/1&#8243;][uncode_block id=&#8220;85872&#8243;][\/vc_column][\/vc_row][vc_row][vc_column width=&#8220;1\/1&#8243;][vc_column_text uncode_shortcode_id=&#8220;262918&#8243;]<\/p>\n<h3>Show Notes<\/h3>\n<p><span style=\"font-weight: 400;\">[00:00] Lisa [Marie] Fassl ist eine Powerfrau, die sich fragt, warum sich ihr 2. Vorname in den Medien so stark etabliert hat oder auch offen zugibt vor allem bei Badminton und Tennis sehr kompetitiv und ehrgeizig zu sein. Ganz nebenbei ist sie seit Mai 2021 Start-up-Beauftragte des Bundesministeriums f\u00fcr Digitalisierung und Wirtschaftsstandorte und wurde vom Forbes Magazin als eine der \u201e30 unter 30\u201c ausgezeichnet.\u00a0<\/span><\/p>\n<p><span style=\"font-weight: 400;\">[01:35] Female Founders \u2013 Zu Beginn stellt Lisa ihr Unternehmen und die Vision dahinter vor, aber auch wie sich das Unternehmen finanziert und nach welchen Kriterien Startups in ihrem Accelerator aufgenommen werden.\u00a0<\/span><\/p>\n<p><span style=\"font-weight: 400;\">[12:07] Lisas beruflicher Werdegang hat sich Schritt f\u00fcr Schritt entwickelt. Sie beschreibt welche Personen und Erlebnisse f\u00fcr sie ausschlaggebend waren und warum sie sich letztendlich f\u00fcr die Startup-Szene und den Fokus \u201eFrauen im Tech-Bereich\u201c entschieden hat.\u00a0\u00a0<\/span><\/p>\n<p><span style=\"font-weight: 400;\">[24:25] \u201eIch will f\u00fcr das gesehen werden, was ich mache!\u201c \u2013 ein wichtiger Faktor f\u00fcr Lisa, den sie uns ausf\u00fchrlicher beschreibt. Aber wie wurde sie zur Gesch\u00e4ftsf\u00fchrerin der aaia? Lisa erz\u00e4hlt uns von ihrer Reise bei der Austrian Angel Investors Association, ihren Aufgaben, ihrer pers\u00f6nlichen Entwicklung und was sie aus dieser Zeit mitgenommen hat.\u00a0<\/span><\/p>\n<p><span style=\"font-weight: 400;\">[33:35] \u201eWir kochen alle nur mit Wasser!\u201c \u2013 Lisa teilt ihre bisherigen Leadership Learnings mit uns. Mit Bezug auf ihr Unternehmen geht sie auf wichtige Aspekte zum Thema Potential, Selbstvertrauen, aber auch Ehrlichkeit und Direktheit ein.<\/span><\/p>\n<p><span style=\"font-weight: 400;\">[43:00] Flo m\u00f6chte von Lisa wissen, wie es als 24-j\u00e4hrige Frau in einer Gesch\u00e4ftsf\u00fchrungsposition war und wie sie heute als CEO bei Female Founders ihre Rolle wahrnimmt. Dazu gibt uns Lisa Einblicke was sich vor allem zu den Themen Coaching und Feedback ver\u00e4ndert hat.\u00a0<\/span><\/p>\n<p><span style=\"font-weight: 400;\">[49:33] Female Founders X Covid19 \u2013 Wie haben Lisa und ihr Team die herausfordernde Zeit erlebt und was nehmen sie f\u00fcr die Zukunft mit? Dazu wollen wir wissen was es eigentlich mit der Female Founders Gleichung auf sich hat und warum es nach wie vor so wenig Frauen in F\u00fchrungspositionen gibt.\u00a0<\/span><\/p>\n<p><span style=\"font-weight: 400;\">[58:20] Abschlie\u00dfend stellt Flo einige Fragen zum Thema Leadership und m\u00f6chte unter anderem wissen welche Menschen und B\u00fccher Lisa gepr\u00e4gt haben.\u00a0<\/span><\/p>\n<p>&nbsp;<\/p>\n<p><strong>Links<\/strong><span style=\"font-weight: 400;\">:*<\/span><\/p>\n<p><span style=\"font-weight: 400;\">Das Buch \u201eSo l\u00e4uft Start-up\u201c von Florian Gschwandtner findet ihr <\/span><a href=\"https:\/\/amzn.to\/3BGBnij\"><span style=\"font-weight: 400;\">hier<\/span><\/a><span style=\"font-weight: 400;\">.<\/span><\/p>\n<p><span style=\"font-weight: 400;\">Den Klassiker \u201eDie Schachnovelle\u201c von Stefan Zweig findet ihr <\/span><a href=\"https:\/\/amzn.to\/38oRmVw\"><span style=\"font-weight: 400;\">hier<\/span><\/a><span style=\"font-weight: 400;\">.\u00a0<\/span><\/p>\n<p><span style=\"font-weight: 400;\">Das Buch \u201eVom Ende der Einsamkeit\u201c von Benedict Wells haben wir euch in der <\/span><a href=\"https:\/\/amzn.to\/38qbXsz\"><span style=\"font-weight: 400;\">deutschen<\/span><\/a><span style=\"font-weight: 400;\"> und <\/span><a href=\"https:\/\/amzn.to\/3t2QqQf\"><span style=\"font-weight: 400;\">englischen<\/span><\/a><span style=\"font-weight: 400;\"> Version verlinkt.\u00a0<\/span><\/p>\n<p>&nbsp;<\/p>\n<p>(*bezahlte Links)[\/vc_column_text][\/vc_column][\/vc_row]<\/p>\n<\/div>","protected":false},"featured_media":86227,"template":"","podcast_season":[355],"class_list":["post-86179","podcast","type-podcast","status-publish","has-post-thumbnail","hentry","podcast_season-s1"],"yoast_head":"<!-- This site is optimized with the Yoast SEO plugin v25.2 - https:\/\/yoast.com\/wordpress\/plugins\/seo\/ -->\n<title>Female Founders Co-Founderin und CEO Lisa-Marie Fassl - S1E10 - Leaders21<\/title>\n<meta name=\"description\" content=\"Co-Founderin und CEO von Female Founders: Lisa-Marie Fassl. Forbes &quot;30 under 30&quot;, Start-up-Beauftragte Bundesministerium f\u00fcr Digitalisierung\" \/>\n<meta name=\"robots\" content=\"index, follow, max-snippet:-1, max-image-preview:large, max-video-preview:-1\" \/>\n<link rel=\"canonical\" href=\"https:\/\/www.leaders21.com\/de\/podcast\/female-founders-co-founderin-und-ceo-lisa-fassl\/\" \/>\n<meta property=\"og:locale\" content=\"de_DE\" \/>\n<meta property=\"og:type\" content=\"article\" \/>\n<meta property=\"og:title\" content=\"Female Founders Co-Founderin und CEO Lisa-Marie Fassl - S1E10 - Leaders21\" \/>\n<meta property=\"og:description\" content=\"Co-Founderin und CEO von Female Founders: Lisa-Marie Fassl. Forbes &quot;30 under 30&quot;, Start-up-Beauftragte Bundesministerium f\u00fcr Digitalisierung\" \/>\n<meta property=\"og:url\" content=\"https:\/\/www.leaders21.com\/de\/podcast\/female-founders-co-founderin-und-ceo-lisa-fassl\/\" \/>\n<meta property=\"og:site_name\" content=\"Leaders21\" \/>\n<meta property=\"article:publisher\" content=\"https:\/\/www.facebook.com\/Leaders21com\" \/>\n<meta property=\"article:modified_time\" content=\"2025-04-10T06:39:44+00:00\" \/>\n<meta property=\"og:image\" content=\"https:\/\/www.leaders21.com\/wp-content\/uploads\/Cover-episode-10_03-scaled.jpg\" \/>\n\t<meta property=\"og:image:width\" content=\"2560\" \/>\n\t<meta property=\"og:image:height\" content=\"2560\" \/>\n\t<meta property=\"og:image:type\" content=\"image\/jpeg\" \/>\n<meta name=\"twitter:card\" content=\"summary_large_image\" \/>\n<meta name=\"twitter:label1\" content=\"Gesch\u00e4tzte Lesezeit\" \/>\n\t<meta name=\"twitter:data1\" content=\"3\u00a0Minuten\" \/>\n<script type=\"application\/ld+json\" class=\"yoast-schema-graph\">{\"@context\":\"https:\/\/schema.org\",\"@graph\":[{\"@type\":\"WebPage\",\"@id\":\"https:\/\/www.leaders21.com\/de\/podcast\/female-founders-co-founderin-und-ceo-lisa-fassl\/\",\"url\":\"https:\/\/www.leaders21.com\/de\/podcast\/female-founders-co-founderin-und-ceo-lisa-fassl\/\",\"name\":\"Female Founders Co-Founderin und CEO Lisa-Marie Fassl - S1E10 - Leaders21\",\"isPartOf\":{\"@id\":\"https:\/\/www.leaders21.com\/de\/#website\"},\"primaryImageOfPage\":{\"@id\":\"https:\/\/www.leaders21.com\/de\/podcast\/female-founders-co-founderin-und-ceo-lisa-fassl\/#primaryimage\"},\"image\":{\"@id\":\"https:\/\/www.leaders21.com\/de\/podcast\/female-founders-co-founderin-und-ceo-lisa-fassl\/#primaryimage\"},\"thumbnailUrl\":\"https:\/\/www.leaders21.com\/wp-content\/uploads\/Cover-episode-10_03-scaled.jpg\",\"datePublished\":\"2021-09-02T03:00:51+00:00\",\"dateModified\":\"2025-04-10T06:39:44+00:00\",\"description\":\"Co-Founderin und CEO von Female Founders: Lisa-Marie Fassl. Forbes \\\"30 under 30\\\", Start-up-Beauftragte Bundesministerium f\u00fcr Digitalisierung\",\"inLanguage\":\"de\",\"potentialAction\":[{\"@type\":\"ReadAction\",\"target\":[\"https:\/\/www.leaders21.com\/de\/podcast\/female-founders-co-founderin-und-ceo-lisa-fassl\/\"]}]},{\"@type\":\"ImageObject\",\"inLanguage\":\"de\",\"@id\":\"https:\/\/www.leaders21.com\/de\/podcast\/female-founders-co-founderin-und-ceo-lisa-fassl\/#primaryimage\",\"url\":\"https:\/\/www.leaders21.com\/wp-content\/uploads\/Cover-episode-10_03-scaled.jpg\",\"contentUrl\":\"https:\/\/www.leaders21.com\/wp-content\/uploads\/Cover-episode-10_03-scaled.jpg\",\"width\":2560,\"height\":2560},{\"@type\":\"WebSite\",\"@id\":\"https:\/\/www.leaders21.com\/de\/#website\",\"url\":\"https:\/\/www.leaders21.com\/de\/\",\"name\":\"Leaders21\",\"description\":\"\",\"publisher\":{\"@id\":\"https:\/\/www.leaders21.com\/de\/#organization\"},\"potentialAction\":[{\"@type\":\"SearchAction\",\"target\":{\"@type\":\"EntryPoint\",\"urlTemplate\":\"https:\/\/www.leaders21.com\/de\/?s={search_term_string}\"},\"query-input\":{\"@type\":\"PropertyValueSpecification\",\"valueRequired\":true,\"valueName\":\"search_term_string\"}}],\"inLanguage\":\"de\"},{\"@type\":\"Organization\",\"@id\":\"https:\/\/www.leaders21.com\/de\/#organization\",\"name\":\"Leaders21\",\"url\":\"https:\/\/www.leaders21.com\/de\/\",\"logo\":{\"@type\":\"ImageObject\",\"inLanguage\":\"de\",\"@id\":\"https:\/\/www.leaders21.com\/de\/#\/schema\/logo\/image\/\",\"url\":\"https:\/\/www.leaders21.com\/wp-content\/uploads\/leaders21-logo-horizontal-transparent-300x80-1.png\",\"contentUrl\":\"https:\/\/www.leaders21.com\/wp-content\/uploads\/leaders21-logo-horizontal-transparent-300x80-1.png\",\"width\":350,\"height\":80,\"caption\":\"Leaders21\"},\"image\":{\"@id\":\"https:\/\/www.leaders21.com\/de\/#\/schema\/logo\/image\/\"},\"sameAs\":[\"https:\/\/www.facebook.com\/Leaders21com\",\"https:\/\/www.instagram.com\/leaders21com\/\",\"https:\/\/www.linkedin.com\/company\/leaders21com\",\"https:\/\/www.youtube.com\/channel\/UCZG2JyyRknDawylccNWHPlQ\"]}]}<\/script>\n<!-- \/ Yoast SEO plugin. -->","yoast_head_json":{"title":"Female Founders Co-Founderin und CEO Lisa-Marie Fassl - S1E10 - Leaders21","description":"Co-Founderin und CEO von Female Founders: Lisa-Marie Fassl. Forbes \"30 under 30\", Start-up-Beauftragte Bundesministerium f\u00fcr Digitalisierung","robots":{"index":"index","follow":"follow","max-snippet":"max-snippet:-1","max-image-preview":"max-image-preview:large","max-video-preview":"max-video-preview:-1"},"canonical":"https:\/\/www.leaders21.com\/de\/podcast\/female-founders-co-founderin-und-ceo-lisa-fassl\/","og_locale":"de_DE","og_type":"article","og_title":"Female Founders Co-Founderin und CEO Lisa-Marie Fassl - S1E10 - Leaders21","og_description":"Co-Founderin und CEO von Female Founders: Lisa-Marie Fassl. Forbes \"30 under 30\", Start-up-Beauftragte Bundesministerium f\u00fcr Digitalisierung","og_url":"https:\/\/www.leaders21.com\/de\/podcast\/female-founders-co-founderin-und-ceo-lisa-fassl\/","og_site_name":"Leaders21","article_publisher":"https:\/\/www.facebook.com\/Leaders21com","article_modified_time":"2025-04-10T06:39:44+00:00","og_image":[{"width":2560,"height":2560,"url":"https:\/\/www.leaders21.com\/wp-content\/uploads\/Cover-episode-10_03-scaled.jpg","type":"image\/jpeg"}],"twitter_card":"summary_large_image","twitter_misc":{"Gesch\u00e4tzte Lesezeit":"3\u00a0Minuten"},"schema":{"@context":"https:\/\/schema.org","@graph":[{"@type":"WebPage","@id":"https:\/\/www.leaders21.com\/de\/podcast\/female-founders-co-founderin-und-ceo-lisa-fassl\/","url":"https:\/\/www.leaders21.com\/de\/podcast\/female-founders-co-founderin-und-ceo-lisa-fassl\/","name":"Female Founders Co-Founderin und CEO Lisa-Marie Fassl - S1E10 - Leaders21","isPartOf":{"@id":"https:\/\/www.leaders21.com\/de\/#website"},"primaryImageOfPage":{"@id":"https:\/\/www.leaders21.com\/de\/podcast\/female-founders-co-founderin-und-ceo-lisa-fassl\/#primaryimage"},"image":{"@id":"https:\/\/www.leaders21.com\/de\/podcast\/female-founders-co-founderin-und-ceo-lisa-fassl\/#primaryimage"},"thumbnailUrl":"https:\/\/www.leaders21.com\/wp-content\/uploads\/Cover-episode-10_03-scaled.jpg","datePublished":"2021-09-02T03:00:51+00:00","dateModified":"2025-04-10T06:39:44+00:00","description":"Co-Founderin und CEO von Female Founders: Lisa-Marie Fassl. Forbes \"30 under 30\", Start-up-Beauftragte Bundesministerium f\u00fcr Digitalisierung","inLanguage":"de","potentialAction":[{"@type":"ReadAction","target":["https:\/\/www.leaders21.com\/de\/podcast\/female-founders-co-founderin-und-ceo-lisa-fassl\/"]}]},{"@type":"ImageObject","inLanguage":"de","@id":"https:\/\/www.leaders21.com\/de\/podcast\/female-founders-co-founderin-und-ceo-lisa-fassl\/#primaryimage","url":"https:\/\/www.leaders21.com\/wp-content\/uploads\/Cover-episode-10_03-scaled.jpg","contentUrl":"https:\/\/www.leaders21.com\/wp-content\/uploads\/Cover-episode-10_03-scaled.jpg","width":2560,"height":2560},{"@type":"WebSite","@id":"https:\/\/www.leaders21.com\/de\/#website","url":"https:\/\/www.leaders21.com\/de\/","name":"Leaders21","description":"","publisher":{"@id":"https:\/\/www.leaders21.com\/de\/#organization"},"potentialAction":[{"@type":"SearchAction","target":{"@type":"EntryPoint","urlTemplate":"https:\/\/www.leaders21.com\/de\/?s={search_term_string}"},"query-input":{"@type":"PropertyValueSpecification","valueRequired":true,"valueName":"search_term_string"}}],"inLanguage":"de"},{"@type":"Organization","@id":"https:\/\/www.leaders21.com\/de\/#organization","name":"Leaders21","url":"https:\/\/www.leaders21.com\/de\/","logo":{"@type":"ImageObject","inLanguage":"de","@id":"https:\/\/www.leaders21.com\/de\/#\/schema\/logo\/image\/","url":"https:\/\/www.leaders21.com\/wp-content\/uploads\/leaders21-logo-horizontal-transparent-300x80-1.png","contentUrl":"https:\/\/www.leaders21.com\/wp-content\/uploads\/leaders21-logo-horizontal-transparent-300x80-1.png","width":350,"height":80,"caption":"Leaders21"},"image":{"@id":"https:\/\/www.leaders21.com\/de\/#\/schema\/logo\/image\/"},"sameAs":["https:\/\/www.facebook.com\/Leaders21com","https:\/\/www.instagram.com\/leaders21com\/","https:\/\/www.linkedin.com\/company\/leaders21com","https:\/\/www.youtube.com\/channel\/UCZG2JyyRknDawylccNWHPlQ"]}]}},"_links":{"self":[{"href":"https:\/\/www.leaders21.com\/de\/wp-json\/wp\/v2\/podcast\/86179","targetHints":{"allow":["GET"]}}],"collection":[{"href":"https:\/\/www.leaders21.com\/de\/wp-json\/wp\/v2\/podcast"}],"about":[{"href":"https:\/\/www.leaders21.com\/de\/wp-json\/wp\/v2\/types\/podcast"}],"version-history":[{"count":1,"href":"https:\/\/www.leaders21.com\/de\/wp-json\/wp\/v2\/podcast\/86179\/revisions"}],"predecessor-version":[{"id":96704,"href":"https:\/\/www.leaders21.com\/de\/wp-json\/wp\/v2\/podcast\/86179\/revisions\/96704"}],"wp:featuredmedia":[{"embeddable":true,"href":"https:\/\/www.leaders21.com\/de\/wp-json\/wp\/v2\/media\/86227"}],"wp:attachment":[{"href":"https:\/\/www.leaders21.com\/de\/wp-json\/wp\/v2\/media?parent=86179"}],"wp:term":[{"taxonomy":"podcast_season","embeddable":true,"href":"https:\/\/www.leaders21.com\/de\/wp-json\/wp\/v2\/podcast_season?post=86179"}],"curies":[{"name":"wp","href":"https:\/\/api.w.org\/{rel}","templated":true}]}}