{"id":85967,"date":"2021-05-27T05:00:00","date_gmt":"2021-05-27T03:00:00","guid":{"rendered":"https:\/\/www.leaders21.com\/?post_type=podcast&#038;p=85967"},"modified":"2025-04-10T08:38:50","modified_gmt":"2025-04-10T06:38:50","slug":"verena-pausder-s1-e3","status":"publish","type":"podcast","link":"https:\/\/www.leaders21.com\/de\/podcast\/verena-pausder-s1-e3\/","title":{"rendered":"Unternehmerin, Gr\u00fcnderin und Autorin Verena Pausder- S1E3"},"content":{"rendered":"<div class=\"wpb-content-wrapper\"><p>[vc_row][vc_column width=&#8220;1\/1&#8243;][uncode_block id=&#8220;85867&#8243;][\/vc_column][\/vc_row][vc_row][vc_column width=&#8220;1\/2&#8243;][vc_single_image dynamic=&#8220;yes&#8220; media_width_percent=&#8220;100&#8243; media_ratio=&#8220;one-one&#8220;][\/vc_column][vc_column width=&#8220;1\/2&#8243;][vc_custom_heading heading_semantic=&#8220;h1&#8243;]Unternehmerin, Gr\u00fcnderin und Autorin Verena Pausder- S1E3[\/vc_custom_heading][vc_column_text]<span style=\"font-weight: 400;\">Unser Gast in Episode 3 ist Powerfrau Verena Pausder. Bekannt ist sie als Unternehmerin, Bestseller-Autorin und f\u00fcr ihren Einsatz im Bereich digitaler Bildung. Im Gespr\u00e4ch mit Florian gibt sie einen Einblick in ihren beruflichen Werdegang, die Balance zwischen Beruf und Privatleben und teilt wertvolle Leadership-Learnings und Tipps, wie beispielsweise das \u201cintellektuelle Ausmisten\u201d.\u00a0<\/span>[\/vc_column_text][vc_column_text]\t\t\t<style type=\"text\/css\">#pp-podcast-5584 a, .pp-modal-window .modal-5584 a, .pp-modal-window .aux-modal-5584 a, #pp-podcast-5584 .ppjs__more { color: #2a286c; } #pp-podcast-5584:not(.modern) .ppjs__audio .ppjs__button.ppjs__playpause-button button *, #pp-podcast-5584:not(.modern) .ppjs__audio .ppjs__button.ppjs__playpause-button button:hover *, #pp-podcast-5584:not(.modern) .ppjs__audio .ppjs__button.ppjs__playpause-button button:focus *, .pp-modal-window .modal-5584 .ppjs__audio .ppjs__button.ppjs__playpause-button button *, .pp-modal-window .modal-5584 .ppjs__audio .ppjs__button.ppjs__playpause-button button:hover *, .pp-modal-window .modal-5584 .ppjs__audio .ppjs__button.ppjs__playpause-button button:focus *, .pp-modal-window .aux-modal-5584 .pod-entry__play *, .pp-modal-window .aux-modal-5584 .pod-entry__play:hover * { color: #2a286c !important; } #pp-podcast-5584.postview .episode-list__load-more, .pp-modal-window .aux-modal-5584 .episode-list__load-more, #pp-podcast-5584:not(.modern) .ppjs__time-handle-content, .modal-5584 .ppjs__time-handle-content { border-color: #2a286c !important; } #pp-podcast-5584:not(.modern) .ppjs__audio-time-rail, #pp-podcast-5584.lv3 .pod-entry__play, #pp-podcast-5584.lv4 .pod-entry__play, #pp-podcast-5584.gv2 .pod-entry__play, #pp-podcast-5584.modern.wide-player .ppjs__audio .ppjs__button.ppjs__playpause-button button, #pp-podcast-5584.modern.wide-player .ppjs__audio .ppjs__button.ppjs__playpause-button button:hover, #pp-podcast-5584.modern.wide-player .ppjs__audio .ppjs__button.ppjs__playpause-button button:focus, .pp-modal-window .modal-5584 button.episode-list__load-more, .pp-modal-window .modal-5584 .ppjs__audio-time-rail, .pp-modal-window .modal-5584 button.pp-modal-close { background-color: #2a286c !important; } #pp-podcast-5584 .hasCover .ppjs__audio .ppjs__button.ppjs__playpause-button button { background-color: rgba(0, 0, 0, 0.5) !important; } .pp-modal-window .modal-5584 button.episode-list__load-more:hover, .pp-modal-window .modal-5584 button.episode-list__load-more:focus, .pp-modal-window .aux-modal-5584 button.episode-list__load-more:hover, .pp-modal-window .aux-modal-5584 button.episode-list__load-more:focus { background-color: rgba( 42,40,108, 0.7 ) !important; } #pp-podcast-5584 .ppjs__button.toggled-on, .pp-modal-window .modal-5584 .ppjs__button.toggled-on, #pp-podcast-5584.playerview .pod-entry.activeEpisode, .pp-modal-window .modal-5584.playerview .pod-entry.activeEpisode { background-color: rgba( 42,40,108, 0.1 ); } #pp-podcast-5584.postview .episode-list__load-more { background-color: transparent !important; } #pp-podcast-5584.modern:not(.wide-player) .ppjs__audio .ppjs__button.ppjs__playpause-button button *, #pp-podcast-5584.modern:not(.wide-player) .ppjs__audio .ppjs__button.ppjs__playpause-button button:hover *, #pp-podcast-5584.modern:not(.wide-player) .ppjs__audio .ppjs__button.ppjs__playpause-button button:focus * { color: #2a286c !important; } #pp-podcast-5584.modern:not(.wide-player) .ppjs__time-handle-content { border-color: #2a286c !important; } #pp-podcast-5584.modern:not(.wide-player) .ppjs__audio-time-rail { background-color: #2a286c !important; } #pp-podcast-5584, .modal-5584, .aux-modal-5584 { --pp-accent-color: #2a286c; } #pp-podcast-5584 .ppjs__share-button, .modal-5584 .ppjs__share-button { display: none; } #pp-podcast-5584 .ppjs__script-button { display: none; } #pp-podcast-5584 .pod-entry__author { display: none; } #pp-podcast-5584.playerview, #pp-podcast-5584.playerview .episode-single, #pp-podcast-5584.lv4 .pod-entry, .inline-view .modal-5584, .inline-view .aux-modal-5584 { background-color: #fae9d9!important; } #pp-podcast-5584.playerview .pp-player__amsg { background-color: rgba( 250,233,217, 0.95 )!important; }<\/style>\n\t\t\t<div id=\"pp-podcast-5584\" class=\"pp-podcast single-episode no-header header-hidden has-featured playerview hide-share hide-content squr centercrop\"  data-teaser=\"\" data-elength=\"25\" data-eunit=\"\" data-ppsdata=\"{&quot;ppe-5584-1&quot;:{&quot;title&quot;:&quot;&quot;,&quot;description&quot;:&quot;&quot;,&quot;author&quot;:&quot;&quot;,&quot;date&quot;:&quot;&quot;,&quot;link&quot;:&quot;bd6f9ab00424a93a492b8e3207edbfc5&quot;,&quot;src&quot;:&quot;bd6f9ab00424a93a492b8e3207edbfc5&quot;,&quot;mediatype&quot;:&quot;&quot;,&quot;featured&quot;:&quot;&quot;,&quot;fset&quot;:&quot;&quot;},&quot;rdata&quot;:{&quot;from&quot;:&quot;link&quot;,&quot;podcast&quot;:false,&quot;episode&quot;:false}}\"><div class=\"pp-podcast__wrapper\"><div class=\"pp-podcast__content pod-content\"><div class=\"pp-podcast__single\"><div class=\"pp-podcast__player\"><div class=\"pp-player-episode\"><audio id=\"pp-podcast-5584-player\" preload=\"none\" class=\"pp-podcast-episode\" style=\"width: 100%;\" controls=\"controls\"><source type=\"audio\/mpeg\" src=\"https:\/\/s3.amazonaws.com\/assets.pippa.io\/shows\/6051da3135b82c400078bf76\/1622011864391-52bcc688bec98aa0c40f53b895a8bd18.mp3\" \/><\/audio><\/div><\/div><div class=\"pod-content__episode episode-single\"><button class=\"episode-single__close\" aria-expanded=\"false\" aria-label=\"Close Single Episode\"><span class=\"btn-icon-wrap\"><svg class=\"icon icon-pp-x\" aria-hidden=\"true\" role=\"img\" focusable=\"false\"><use href=\"#icon-pp-x\" xlink:href=\"#icon-pp-x\"><\/use><\/svg><\/span><\/button><div class=\"episode-single__wrapper\"><div class=\"episode-single__header\"><div class=\"episode-single__title\"><\/div><\/div><\/div><div class=\"ppjs__img-wrapper noimg\"><div class=\"ppjs__img-btn-cover\"><img decoding=\"async\" class=\"ppjs__img-btn\" src=\"\" srcset=\"\" sizes=\"(max-width: 640px) 100vw, 300px\" alt=\"\"><\/div><span class=\"ppjs__img-btn-style\" style=\"display: block; width: 100%; padding-top: 100%\"><\/div><\/div><\/div><\/div><\/div><\/div>[\/vc_column_text][\/vc_column][\/vc_row][vc_row][vc_column width=&#8220;1\/1&#8243;][uncode_block id=&#8220;85872&#8243;][\/vc_column][\/vc_row][vc_row][vc_column width=&#8220;1\/1&#8243;][vc_column_text uncode_shortcode_id=&#8220;186141&#8243;]<\/p>\n<h3>Show Notes<\/h3>\n<p><span style=\"font-weight: 400;\">[01:15] Vom Sushi-Laden \u00fcber die Web-Apotheke bis zu Fox &amp; Sheep. Verena hatte viele Ideen: manche hat sie verworfenen, andere weiterverfolgt. Sie erz\u00e4hlt, wie sie ein Gesp\u00fcr daf\u00fcr entwickelt hat und wie sich der Weg zur \u201cfunktionierenden\u201d Idee gestaltet hat.<\/span><\/p>\n<p>&nbsp;<\/p>\n<p><span style=\"font-weight: 400;\">[09:33] Flo hakt nach und will wissen, ob je nach Bereich eine andere Art von Leadership notwendig ist. Darauf teilt Verena ihr Verst\u00e4ndnis von Leadership und welche Rolle Weg und Ziel dabei spielen.\u00a0<\/span><\/p>\n<p>&nbsp;<\/p>\n<p><span style=\"font-weight: 400;\">[11:09] Verena erz\u00e4hlt vom Aufbau von Fox &amp; Sheep trotz bestehender Mitbewerber und teilt ihre Top-Learnings in Bezug auf Wachstum, Mitarbeiter*innen und Unternehmenskultur.<\/span><\/p>\n<p>&nbsp;<\/p>\n<p><span style=\"font-weight: 400;\">[22:54] Mit der wachsenden Zahl an Mitarbeiter*innen ver\u00e4ndern sich die Anforderungen an das Leadership. Verena beschreibt wie sie innerhalb des Unternehmens ihr analytisches Denken, ihre Intuition und den Austausch mit anderen nutzte, aber auch bei den Mitbewerber*innen auf ein Miteinander anstelle von Ellbogentechniken setzte und davon profitierte.<\/span><\/p>\n<p>&nbsp;<\/p>\n<p><span style=\"font-weight: 400;\">[34:11] Die Entscheidung Fox &amp; Sheep zu verlassen war keine leichte und auch die anschlie\u00dfende \u00dcbergabe musste f\u00fcr Verena gut durchdacht sein. Sie stellte sich nach vielen Gespr\u00e4chen die Frage \u201cDarf es sich gut anf\u00fchlen, wenn der Kapit\u00e4n das Schiff verl\u00e4sst?\u201d und gibt uns ihre Antwort.<\/span><\/p>\n<p>&nbsp;<\/p>\n<p><span style=\"font-weight: 400;\">[43:42] Als erfolgreiche Unternehmerin, mit Auszeichnungen und vielen Einladungen w\u00fcrde man meinen der Kalender ist 24\/7 mit Terminen gef\u00fcllt. Verena erz\u00e4hlt uns wie sie Zeit f\u00fcr Familie und Freunde schafft und was dies f\u00fcr ihre Rolle als Leaderin bedeutet.\u00a0<\/span><\/p>\n<p>&nbsp;<\/p>\n<p><span style=\"font-weight: 400;\">[49:48] Die Covid19-Pandemie hat auch die Pl\u00e4ne von Verena durchkreuzt, jedoch nutze sie ihre Auszeit unter anderem f\u00fcr ihr Buch <\/span><a href=\"https:\/\/amzn.to\/3u3Hysg\"><span style=\"font-weight: 400;\">\u201cDas Neue Land: Wie es jetzt weitergeht!\u201d<\/span><\/a><span style=\"font-weight: 400;\">. Sie teilt mit uns ihre Beweggr\u00fcnde und Motivation ein Buch zu verfassen, das sich mit gesellschaftspolitischen Themen und der Zukunft auseinandersetzt.\u00a0<\/span><\/p>\n<p>&nbsp;<\/p>\n<p><span style=\"font-weight: 400;\">[59:00] Zum Abschluss unserer 3. Folge beschreibt Verena die taffen Momente, ihren Lieblingsfehler, erz\u00e4hlt von ihren besten Investments und gibt Einblick in das Geheimnis ihrer Ehe als \u201cBusiness-Paar\u201d.\u00a0\u00a0<\/span><\/p>\n<p>&nbsp;<\/p>\n<p><strong>Links<\/strong><span style=\"font-weight: 400;\">:<\/span><\/p>\n<p><span style=\"font-weight: 400;\">Zum Buch \u201cDas Neue Land: Wie es jetzt weitergeht!\u201d von Verena Pausder geht es <\/span><a href=\"https:\/\/amzn.to\/3u3Hysg\"><span style=\"font-weight: 400;\">hier<\/span><\/a><span style=\"font-weight: 400;\">. (bezahlter Link)<\/span>[\/vc_column_text][\/vc_column][\/vc_row]<\/p>\n<\/div>","protected":false},"featured_media":85972,"template":"","podcast_season":[355],"class_list":["post-85967","podcast","type-podcast","status-publish","has-post-thumbnail","hentry","podcast_season-s1"],"yoast_head":"<!-- This site is optimized with the Yoast SEO plugin v25.2 - https:\/\/yoast.com\/wordpress\/plugins\/seo\/ -->\n<title>Unternehmerin, Gr\u00fcnderin und Autorin Verena Pausder- S1E3 - Leaders21<\/title>\n<meta name=\"description\" content=\"Unser Gast in Episode 3 ist Powerfrau Verena Pausder. Bekannt ist sie als Unternehmerin, Bestseller-Autorin und f\u00fcr ihren Einsatz im Bereich digitaler Bildung.\" \/>\n<meta name=\"robots\" content=\"index, follow, max-snippet:-1, max-image-preview:large, max-video-preview:-1\" \/>\n<link rel=\"canonical\" href=\"https:\/\/www.leaders21.com\/de\/podcast\/verena-pausder-s1-e3\/\" \/>\n<meta property=\"og:locale\" content=\"de_DE\" \/>\n<meta property=\"og:type\" content=\"article\" \/>\n<meta property=\"og:title\" content=\"Unternehmerin, Gr\u00fcnderin und Autorin Verena Pausder- S1E3 - Leaders21\" \/>\n<meta property=\"og:description\" content=\"Unser Gast in Episode 3 ist Powerfrau Verena Pausder. Bekannt ist sie als Unternehmerin, Bestseller-Autorin und f\u00fcr ihren Einsatz im Bereich digitaler Bildung.\" \/>\n<meta property=\"og:url\" content=\"https:\/\/www.leaders21.com\/de\/podcast\/verena-pausder-s1-e3\/\" \/>\n<meta property=\"og:site_name\" content=\"Leaders21\" \/>\n<meta property=\"article:publisher\" content=\"https:\/\/www.facebook.com\/Leaders21com\" \/>\n<meta property=\"article:modified_time\" content=\"2025-04-10T06:38:50+00:00\" \/>\n<meta property=\"og:image\" content=\"https:\/\/www.leaders21.com\/wp-content\/uploads\/Cover-episode-03-1-scaled.jpg\" \/>\n\t<meta property=\"og:image:width\" content=\"2560\" \/>\n\t<meta property=\"og:image:height\" content=\"2560\" \/>\n\t<meta property=\"og:image:type\" content=\"image\/jpeg\" \/>\n<meta name=\"twitter:card\" content=\"summary_large_image\" \/>\n<meta name=\"twitter:label1\" content=\"Gesch\u00e4tzte Lesezeit\" \/>\n\t<meta name=\"twitter:data1\" content=\"3\u00a0Minuten\" \/>\n<script type=\"application\/ld+json\" class=\"yoast-schema-graph\">{\"@context\":\"https:\/\/schema.org\",\"@graph\":[{\"@type\":\"WebPage\",\"@id\":\"https:\/\/www.leaders21.com\/de\/podcast\/verena-pausder-s1-e3\/\",\"url\":\"https:\/\/www.leaders21.com\/de\/podcast\/verena-pausder-s1-e3\/\",\"name\":\"Unternehmerin, Gr\u00fcnderin und Autorin Verena Pausder- S1E3 - Leaders21\",\"isPartOf\":{\"@id\":\"https:\/\/www.leaders21.com\/de\/#website\"},\"primaryImageOfPage\":{\"@id\":\"https:\/\/www.leaders21.com\/de\/podcast\/verena-pausder-s1-e3\/#primaryimage\"},\"image\":{\"@id\":\"https:\/\/www.leaders21.com\/de\/podcast\/verena-pausder-s1-e3\/#primaryimage\"},\"thumbnailUrl\":\"https:\/\/www.leaders21.com\/wp-content\/uploads\/Cover-episode-03-1-scaled.jpg\",\"datePublished\":\"2021-05-27T03:00:00+00:00\",\"dateModified\":\"2025-04-10T06:38:50+00:00\",\"description\":\"Unser Gast in Episode 3 ist Powerfrau Verena Pausder. Bekannt ist sie als Unternehmerin, Bestseller-Autorin und f\u00fcr ihren Einsatz im Bereich digitaler Bildung.\",\"inLanguage\":\"de\",\"potentialAction\":[{\"@type\":\"ReadAction\",\"target\":[\"https:\/\/www.leaders21.com\/de\/podcast\/verena-pausder-s1-e3\/\"]}]},{\"@type\":\"ImageObject\",\"inLanguage\":\"de\",\"@id\":\"https:\/\/www.leaders21.com\/de\/podcast\/verena-pausder-s1-e3\/#primaryimage\",\"url\":\"https:\/\/www.leaders21.com\/wp-content\/uploads\/Cover-episode-03-1-scaled.jpg\",\"contentUrl\":\"https:\/\/www.leaders21.com\/wp-content\/uploads\/Cover-episode-03-1-scaled.jpg\",\"width\":2560,\"height\":2560},{\"@type\":\"WebSite\",\"@id\":\"https:\/\/www.leaders21.com\/de\/#website\",\"url\":\"https:\/\/www.leaders21.com\/de\/\",\"name\":\"Leaders21\",\"description\":\"\",\"publisher\":{\"@id\":\"https:\/\/www.leaders21.com\/de\/#organization\"},\"potentialAction\":[{\"@type\":\"SearchAction\",\"target\":{\"@type\":\"EntryPoint\",\"urlTemplate\":\"https:\/\/www.leaders21.com\/de\/?s={search_term_string}\"},\"query-input\":{\"@type\":\"PropertyValueSpecification\",\"valueRequired\":true,\"valueName\":\"search_term_string\"}}],\"inLanguage\":\"de\"},{\"@type\":\"Organization\",\"@id\":\"https:\/\/www.leaders21.com\/de\/#organization\",\"name\":\"Leaders21\",\"url\":\"https:\/\/www.leaders21.com\/de\/\",\"logo\":{\"@type\":\"ImageObject\",\"inLanguage\":\"de\",\"@id\":\"https:\/\/www.leaders21.com\/de\/#\/schema\/logo\/image\/\",\"url\":\"https:\/\/www.leaders21.com\/wp-content\/uploads\/leaders21-logo-horizontal-transparent-300x80-1.png\",\"contentUrl\":\"https:\/\/www.leaders21.com\/wp-content\/uploads\/leaders21-logo-horizontal-transparent-300x80-1.png\",\"width\":350,\"height\":80,\"caption\":\"Leaders21\"},\"image\":{\"@id\":\"https:\/\/www.leaders21.com\/de\/#\/schema\/logo\/image\/\"},\"sameAs\":[\"https:\/\/www.facebook.com\/Leaders21com\",\"https:\/\/www.instagram.com\/leaders21com\/\",\"https:\/\/www.linkedin.com\/company\/leaders21com\",\"https:\/\/www.youtube.com\/channel\/UCZG2JyyRknDawylccNWHPlQ\"]}]}<\/script>\n<!-- \/ Yoast SEO plugin. -->","yoast_head_json":{"title":"Unternehmerin, Gr\u00fcnderin und Autorin Verena Pausder- S1E3 - Leaders21","description":"Unser Gast in Episode 3 ist Powerfrau Verena Pausder. Bekannt ist sie als Unternehmerin, Bestseller-Autorin und f\u00fcr ihren Einsatz im Bereich digitaler Bildung.","robots":{"index":"index","follow":"follow","max-snippet":"max-snippet:-1","max-image-preview":"max-image-preview:large","max-video-preview":"max-video-preview:-1"},"canonical":"https:\/\/www.leaders21.com\/de\/podcast\/verena-pausder-s1-e3\/","og_locale":"de_DE","og_type":"article","og_title":"Unternehmerin, Gr\u00fcnderin und Autorin Verena Pausder- S1E3 - Leaders21","og_description":"Unser Gast in Episode 3 ist Powerfrau Verena Pausder. Bekannt ist sie als Unternehmerin, Bestseller-Autorin und f\u00fcr ihren Einsatz im Bereich digitaler Bildung.","og_url":"https:\/\/www.leaders21.com\/de\/podcast\/verena-pausder-s1-e3\/","og_site_name":"Leaders21","article_publisher":"https:\/\/www.facebook.com\/Leaders21com","article_modified_time":"2025-04-10T06:38:50+00:00","og_image":[{"width":2560,"height":2560,"url":"https:\/\/www.leaders21.com\/wp-content\/uploads\/Cover-episode-03-1-scaled.jpg","type":"image\/jpeg"}],"twitter_card":"summary_large_image","twitter_misc":{"Gesch\u00e4tzte Lesezeit":"3\u00a0Minuten"},"schema":{"@context":"https:\/\/schema.org","@graph":[{"@type":"WebPage","@id":"https:\/\/www.leaders21.com\/de\/podcast\/verena-pausder-s1-e3\/","url":"https:\/\/www.leaders21.com\/de\/podcast\/verena-pausder-s1-e3\/","name":"Unternehmerin, Gr\u00fcnderin und Autorin Verena Pausder- S1E3 - Leaders21","isPartOf":{"@id":"https:\/\/www.leaders21.com\/de\/#website"},"primaryImageOfPage":{"@id":"https:\/\/www.leaders21.com\/de\/podcast\/verena-pausder-s1-e3\/#primaryimage"},"image":{"@id":"https:\/\/www.leaders21.com\/de\/podcast\/verena-pausder-s1-e3\/#primaryimage"},"thumbnailUrl":"https:\/\/www.leaders21.com\/wp-content\/uploads\/Cover-episode-03-1-scaled.jpg","datePublished":"2021-05-27T03:00:00+00:00","dateModified":"2025-04-10T06:38:50+00:00","description":"Unser Gast in Episode 3 ist Powerfrau Verena Pausder. Bekannt ist sie als Unternehmerin, Bestseller-Autorin und f\u00fcr ihren Einsatz im Bereich digitaler Bildung.","inLanguage":"de","potentialAction":[{"@type":"ReadAction","target":["https:\/\/www.leaders21.com\/de\/podcast\/verena-pausder-s1-e3\/"]}]},{"@type":"ImageObject","inLanguage":"de","@id":"https:\/\/www.leaders21.com\/de\/podcast\/verena-pausder-s1-e3\/#primaryimage","url":"https:\/\/www.leaders21.com\/wp-content\/uploads\/Cover-episode-03-1-scaled.jpg","contentUrl":"https:\/\/www.leaders21.com\/wp-content\/uploads\/Cover-episode-03-1-scaled.jpg","width":2560,"height":2560},{"@type":"WebSite","@id":"https:\/\/www.leaders21.com\/de\/#website","url":"https:\/\/www.leaders21.com\/de\/","name":"Leaders21","description":"","publisher":{"@id":"https:\/\/www.leaders21.com\/de\/#organization"},"potentialAction":[{"@type":"SearchAction","target":{"@type":"EntryPoint","urlTemplate":"https:\/\/www.leaders21.com\/de\/?s={search_term_string}"},"query-input":{"@type":"PropertyValueSpecification","valueRequired":true,"valueName":"search_term_string"}}],"inLanguage":"de"},{"@type":"Organization","@id":"https:\/\/www.leaders21.com\/de\/#organization","name":"Leaders21","url":"https:\/\/www.leaders21.com\/de\/","logo":{"@type":"ImageObject","inLanguage":"de","@id":"https:\/\/www.leaders21.com\/de\/#\/schema\/logo\/image\/","url":"https:\/\/www.leaders21.com\/wp-content\/uploads\/leaders21-logo-horizontal-transparent-300x80-1.png","contentUrl":"https:\/\/www.leaders21.com\/wp-content\/uploads\/leaders21-logo-horizontal-transparent-300x80-1.png","width":350,"height":80,"caption":"Leaders21"},"image":{"@id":"https:\/\/www.leaders21.com\/de\/#\/schema\/logo\/image\/"},"sameAs":["https:\/\/www.facebook.com\/Leaders21com","https:\/\/www.instagram.com\/leaders21com\/","https:\/\/www.linkedin.com\/company\/leaders21com","https:\/\/www.youtube.com\/channel\/UCZG2JyyRknDawylccNWHPlQ"]}]}},"_links":{"self":[{"href":"https:\/\/www.leaders21.com\/de\/wp-json\/wp\/v2\/podcast\/85967","targetHints":{"allow":["GET"]}}],"collection":[{"href":"https:\/\/www.leaders21.com\/de\/wp-json\/wp\/v2\/podcast"}],"about":[{"href":"https:\/\/www.leaders21.com\/de\/wp-json\/wp\/v2\/types\/podcast"}],"version-history":[{"count":1,"href":"https:\/\/www.leaders21.com\/de\/wp-json\/wp\/v2\/podcast\/85967\/revisions"}],"predecessor-version":[{"id":96697,"href":"https:\/\/www.leaders21.com\/de\/wp-json\/wp\/v2\/podcast\/85967\/revisions\/96697"}],"wp:featuredmedia":[{"embeddable":true,"href":"https:\/\/www.leaders21.com\/de\/wp-json\/wp\/v2\/media\/85972"}],"wp:attachment":[{"href":"https:\/\/www.leaders21.com\/de\/wp-json\/wp\/v2\/media?parent=85967"}],"wp:term":[{"taxonomy":"podcast_season","embeddable":true,"href":"https:\/\/www.leaders21.com\/de\/wp-json\/wp\/v2\/podcast_season?post=85967"}],"curies":[{"name":"wp","href":"https:\/\/api.w.org\/{rel}","templated":true}]}}