{"id":96172,"date":"2023-11-09T11:14:57","date_gmt":"2023-11-09T10:14:57","guid":{"rendered":"https:\/\/www.leaders21.com\/?post_type=events&#038;p=96172"},"modified":"2023-12-12T17:56:11","modified_gmt":"2023-12-12T16:56:11","slug":"digitale-transformation-in-der-personalentwicklung","status":"publish","type":"events","link":"https:\/\/www.leaders21.com\/de\/events\/digitale-transformation-in-der-personalentwicklung\/","title":{"rendered":"Digitale <mark>Transformation<\/mark> in der Personalentwicklung"},"content":{"rendered":"<div class=\"wpb-content-wrapper\"><p>[vc_row row_height_percent=&#8220;0&#8243; override_padding=&#8220;yes&#8220; h_padding=&#8220;2&#8243; top_padding=&#8220;4&#8243; bottom_padding=&#8220;4&#8243; overlay_alpha=&#8220;50&#8243; gutter_size=&#8220;3&#8243; column_width_percent=&#8220;100&#8243; shift_y=&#8220;0&#8243; z_index=&#8220;0&#8243;][vc_column width=&#8220;1\/1&#8243;][vc_column_text uncode_shortcode_id=&#8220;491828&#8243;]<span style=\"font-weight: 400;\"><span class=\"ui-provider eo bpz beq bqa bqb bqc bqd bqe bqf bqg bqh bqi bqj bqk bql bqm bqn bqo bqp bqq bqr bqs bqt bqu bqv bqw bqx bqy bqz bra brb brc brd bre brf\" dir=\"ltr\">Du willst dich nicht mit 5 verschiedenen digitalen Plattformen zur Personalentwicklung auseinandersetzen, um deinem Team <strong>digitales Lernen<\/strong> zu erm\u00f6glichen? Du suchst nach einem einfach <strong>skalierbaren Tool<\/strong>, mit dem du deine <strong>Mitarbeitenden UND F\u00fchrungskr\u00e4fte weiterentwickeln kannst<\/strong>? Du willst die Erfolge in der Personalentwicklung <strong>messbar<\/strong> machen? Dann darfst du dieses Webinar nicht verpassen!<\/span>\ud83d\udca1<\/span><\/p>\n<p>&nbsp;<\/p>\n<p class=\"p1\">Das Leaders21 Webinar findet am <span class=\"s1\">\u23f0<\/span> <strong>Montag, 27. November 2023<\/strong> statt.<\/p>\n<p>&nbsp;<\/p>\n<p><strong><span style=\"font-weight: 400;\">\ud83d\udc49<\/span><\/strong>\u00a0Gleich <a href=\"https:\/\/www.leaders21.com\/de\/events\/digitale-transformation-in-der-personalentwicklung\/#kontakt\">ANMELDEN<\/a><\/p>\n<h3><\/h3>\n<h3><strong>Die digitale Transformation\u00a0<\/strong><\/h3>\n<p>&nbsp;<\/p>\n<p><span style=\"font-weight: 400;\">&#8230; in der Personalentwicklung muss nicht kompliziert sein. Am 27. November erf\u00e4hrst du von Fritz Krassnitzer, CCO und Co-Founder von Leaders21, wie du es dir einfach machen kannst. Dazu stellt er dir eine digitale L\u00f6sung zur Entwicklung deiner F\u00fchrungskr\u00e4fte und Mitarbeitenden vor<\/span><span style=\"font-weight: 400;\">!<\/span><\/p>\n<p>&nbsp;<\/p>\n<p><strong>Alle Details:<\/strong><\/p>\n<p><span style=\"font-weight: 400;\">\u2728 Die digitale Transformation in der Personalentwicklung mit Leaders21<\/span><\/p>\n<p><span style=\"font-weight: 400;\">\ud83d\udcc5 Montag, 27. November 2023, <\/span><span style=\"font-weight: 400;\">15:00 bis 15:45 Uhr\u00a0<\/span><\/p>\n<p><span style=\"font-weight: 400;\">\ud83d\udcbb Online via Zoom\u00a0<\/span><\/p>\n<p><span style=\"font-weight: 400;\">\ud83d\udcb0 Teilnahme ist kostenlos, die Inputs unbezahlbar<\/span><\/p>\n<p>&nbsp;<\/p>\n<p><strong>Interessiert? <span style=\"font-weight: 400;\">\ud83d\udc49 <\/span><\/strong>Dann melde dich gleich <a href=\"https:\/\/www.leaders21.com\/de\/events\/digitale-transformation-in-der-personalentwicklung\/#kontakt\">HIER<\/a> an.[\/vc_column_text][vc_row_inner][vc_column_inner width=&#8220;2\/3&#8243;][vc_column_text uncode_shortcode_id=&#8220;694792&#8243;]<\/p>\n<h3>Dein Kontakt<\/h3>\n<p>Fritz begleitet Menschen und Unternehmen als zertifizierter Agile Coach und Trainer mit Gesp\u00fcr f\u00fcr Trends. Er ist davon \u00fcberzeugt, dass mit dem richtigen Mindset die digitale Transformation in jedem Bereich gelingt.<\/p>\n<p>Fritz Krassnitzer CCO &amp; Co-Founder: <a href=\"mailto:fritz.krassnitzer@leaders21.com\">fritz.krassnitzer@leaders21.com<\/a>[\/vc_column_text][\/vc_column_inner][vc_column_inner column_width_percent=&#8220;100&#8243; position_vertical=&#8220;middle&#8220; align_horizontal=&#8220;align_center&#8220; gutter_size=&#8220;0&#8243; overlay_alpha=&#8220;50&#8243; shift_x=&#8220;0&#8243; shift_y=&#8220;0&#8243; shift_y_down=&#8220;0&#8243; z_index=&#8220;0&#8243; medium_width=&#8220;0&#8243; mobile_width=&#8220;0&#8243; width=&#8220;1\/3&#8243; uncode_shortcode_id=&#8220;355004&#8243;][vc_single_image media=&#8220;84456&#8243; media_width_percent=&#8220;50&#8243; alignment=&#8220;center&#8220; uncode_shortcode_id=&#8220;109375&#8243;][\/vc_column_inner][\/vc_row_inner][\/vc_column][\/vc_row][vc_row row_height_percent=&#8220;0&#8243; override_padding=&#8220;yes&#8220; h_padding=&#8220;2&#8243; top_padding=&#8220;5&#8243; bottom_padding=&#8220;5&#8243; back_color=&#8220;l21-blue-red-gradient-horizontal&#8220; back_image=&#8220;361&#8243; back_repeat=&#8220;no-repeat&#8220; back_position=&#8220;center center&#8220; kburns=&#8220;zoom&#8220; overlay_alpha=&#8220;50&#8243; gutter_size=&#8220;3&#8243; column_width_percent=&#8220;100&#8243; shift_y=&#8220;0&#8243; z_index=&#8220;0&#8243; row_name=&#8220;kontakt&#8220; uncode_shortcode_id=&#8220;199827&#8243; back_color_type=&#8220;uncode-palette&#8220;][vc_column column_width_percent=&#8220;100&#8243; align_horizontal=&#8220;align_center&#8220; gutter_size=&#8220;3&#8243; style=&#8220;dark&#8220; overlay_alpha=&#8220;50&#8243; shift_x=&#8220;0&#8243; shift_y=&#8220;0&#8243; shift_y_down=&#8220;0&#8243; z_index=&#8220;0&#8243; medium_width=&#8220;0&#8243; mobile_width=&#8220;0&#8243; width=&#8220;1\/1&#8243;][vc_custom_heading heading_semantic=&#8220;h3&#8243; text_size=&#8220;h3&#8243; uncode_shortcode_id=&#8220;106909&#8243;]<\/p>\n<h3><b>Jetzt kostenlos anmelden!<\/b><\/h3>\n<p><span style=\"font-weight: 300;\">Webinar: kostenlos, Inputs: unbezahlbar<\/span>[\/vc_custom_heading][vc_row_inner][vc_column_inner column_width_percent=&#8220;100&#8243; align_horizontal=&#8220;align_center&#8220; gutter_size=&#8220;3&#8243; overlay_alpha=&#8220;50&#8243; shift_x=&#8220;0&#8243; shift_y=&#8220;0&#8243; shift_y_down=&#8220;0&#8243; z_index=&#8220;0&#8243; medium_width=&#8220;0&#8243; mobile_width=&#8220;0&#8243; width=&#8220;1\/6&#8243;][\/vc_column_inner][vc_column_inner column_width_percent=&#8220;100&#8243; align_horizontal=&#8220;align_center&#8220; gutter_size=&#8220;3&#8243; override_padding=&#8220;yes&#8220; column_padding=&#8220;2&#8243; overlay_alpha=&#8220;50&#8243; shift_x=&#8220;0&#8243; shift_y=&#8220;0&#8243; shift_y_down=&#8220;0&#8243; z_index=&#8220;0&#8243; medium_width=&#8220;0&#8243; mobile_width=&#8220;0&#8243; css_animation=&#8220;bottom-t-top&#8220; animation_delay=&#8220;800&#8243; width=&#8220;2\/3&#8243; el_class=&#8220;form-border&#8220;][vc_column_text uncode_shortcode_id=&#8220;958822&#8243;]\n\t\t\t\t\t\t<script>\n\t\t\t\t\t\t\twindow.hsFormsOnReady = window.hsFormsOnReady || [];\n\t\t\t\t\t\t\twindow.hsFormsOnReady.push(()=>{\n\t\t\t\t\t\t\t\thbspt.forms.create({\n\t\t\t\t\t\t\t\t\tportalId: 8893965,\n\t\t\t\t\t\t\t\t\tformId: \"f8e9d6f4-4756-4691-b648-ad8db776d183\",\n\t\t\t\t\t\t\t\t\ttarget: \"#hbspt-form-1777541722000-4722107960\",\n\t\t\t\t\t\t\t\t\tregion: \"eu1\",\n\t\t\t\t\t\t\t\t\t\n\t\t\t\t\t\t\t})});\n\t\t\t\t\t\t<\/script>\n\t\t\t\t\t\t<div class=\"hbspt-form\" id=\"hbspt-form-1777541722000-4722107960\"><\/div>[\/vc_column_text][\/vc_column_inner][vc_column_inner width=&#8220;1\/6&#8243;][\/vc_column_inner][\/vc_row_inner][\/vc_column][\/vc_row]<\/p>\n<\/div>","protected":false},"excerpt":{"rendered":"<p>Inspiration und Live-Demo | Fritz Krassnitzer, CCO &#038; Co-Founder | 27.11. um 15 Uhr<\/p>\n","protected":false},"featured_media":96180,"template":"","meta":{"content-type":"","footnotes":""},"tags":[323,300],"class_list":["post-96172","events","type-events","status-publish","has-post-thumbnail","hentry","tag-vergangenes-webinar","tag-webinar"],"yoast_head":"<!-- This site is optimized with the Yoast SEO plugin v25.2 - https:\/\/yoast.com\/wordpress\/plugins\/seo\/ -->\n<title>Digitale Transformation in der Personalentwicklung - Leaders21<\/title>\n<meta name=\"description\" content=\"Leaders21 Live-Webinar: Erfahre, wie die digitale Transformation der Personalentwicklung unkompliziert gelingen kann.\" \/>\n<meta name=\"robots\" content=\"index, follow, max-snippet:-1, max-image-preview:large, max-video-preview:-1\" \/>\n<link rel=\"canonical\" href=\"https:\/\/www.leaders21.com\/de\/events\/digitale-transformation-in-der-personalentwicklung\/\" \/>\n<meta property=\"og:locale\" content=\"de_DE\" \/>\n<meta property=\"og:type\" content=\"article\" \/>\n<meta property=\"og:title\" content=\"Digitale Transformation in der Personalentwicklung - Leaders21\" \/>\n<meta property=\"og:description\" content=\"Leaders21 Live-Webinar: Erfahre, wie die digitale Transformation der Personalentwicklung unkompliziert gelingen kann.\" \/>\n<meta property=\"og:url\" content=\"https:\/\/www.leaders21.com\/de\/events\/digitale-transformation-in-der-personalentwicklung\/\" \/>\n<meta property=\"og:site_name\" content=\"Leaders21\" \/>\n<meta property=\"article:publisher\" content=\"https:\/\/www.facebook.com\/Leaders21com\" \/>\n<meta property=\"article:modified_time\" content=\"2023-12-12T16:56:11+00:00\" \/>\n<meta property=\"og:image\" content=\"https:\/\/www.leaders21.com\/wp-content\/uploads\/Kopie-von-Webinar-Header-1-1024x576.png\" \/>\n\t<meta property=\"og:image:width\" content=\"1024\" \/>\n\t<meta property=\"og:image:height\" content=\"576\" \/>\n\t<meta property=\"og:image:type\" content=\"image\/png\" \/>\n<meta name=\"twitter:card\" content=\"summary_large_image\" \/>\n<meta name=\"twitter:label1\" content=\"Gesch\u00e4tzte Lesezeit\" \/>\n\t<meta name=\"twitter:data1\" content=\"2\u00a0Minuten\" \/>\n<script type=\"application\/ld+json\" class=\"yoast-schema-graph\">{\"@context\":\"https:\/\/schema.org\",\"@graph\":[{\"@type\":\"WebPage\",\"@id\":\"https:\/\/www.leaders21.com\/de\/events\/digitale-transformation-in-der-personalentwicklung\/\",\"url\":\"https:\/\/www.leaders21.com\/de\/events\/digitale-transformation-in-der-personalentwicklung\/\",\"name\":\"Digitale Transformation in der Personalentwicklung - Leaders21\",\"isPartOf\":{\"@id\":\"https:\/\/www.leaders21.com\/de\/#website\"},\"primaryImageOfPage\":{\"@id\":\"https:\/\/www.leaders21.com\/de\/events\/digitale-transformation-in-der-personalentwicklung\/#primaryimage\"},\"image\":{\"@id\":\"https:\/\/www.leaders21.com\/de\/events\/digitale-transformation-in-der-personalentwicklung\/#primaryimage\"},\"thumbnailUrl\":\"https:\/\/www.leaders21.com\/wp-content\/uploads\/Kopie-von-Webinar-Header-1.png\",\"datePublished\":\"2023-11-09T10:14:57+00:00\",\"dateModified\":\"2023-12-12T16:56:11+00:00\",\"description\":\"Leaders21 Live-Webinar: Erfahre, wie die digitale Transformation der Personalentwicklung unkompliziert gelingen kann.\",\"inLanguage\":\"de\",\"potentialAction\":[{\"@type\":\"ReadAction\",\"target\":[\"https:\/\/www.leaders21.com\/de\/events\/digitale-transformation-in-der-personalentwicklung\/\"]}]},{\"@type\":\"ImageObject\",\"inLanguage\":\"de\",\"@id\":\"https:\/\/www.leaders21.com\/de\/events\/digitale-transformation-in-der-personalentwicklung\/#primaryimage\",\"url\":\"https:\/\/www.leaders21.com\/wp-content\/uploads\/Kopie-von-Webinar-Header-1.png\",\"contentUrl\":\"https:\/\/www.leaders21.com\/wp-content\/uploads\/Kopie-von-Webinar-Header-1.png\",\"width\":1920,\"height\":1080},{\"@type\":\"WebSite\",\"@id\":\"https:\/\/www.leaders21.com\/de\/#website\",\"url\":\"https:\/\/www.leaders21.com\/de\/\",\"name\":\"Leaders21\",\"description\":\"\",\"publisher\":{\"@id\":\"https:\/\/www.leaders21.com\/de\/#organization\"},\"potentialAction\":[{\"@type\":\"SearchAction\",\"target\":{\"@type\":\"EntryPoint\",\"urlTemplate\":\"https:\/\/www.leaders21.com\/de\/?s={search_term_string}\"},\"query-input\":{\"@type\":\"PropertyValueSpecification\",\"valueRequired\":true,\"valueName\":\"search_term_string\"}}],\"inLanguage\":\"de\"},{\"@type\":\"Organization\",\"@id\":\"https:\/\/www.leaders21.com\/de\/#organization\",\"name\":\"Leaders21\",\"url\":\"https:\/\/www.leaders21.com\/de\/\",\"logo\":{\"@type\":\"ImageObject\",\"inLanguage\":\"de\",\"@id\":\"https:\/\/www.leaders21.com\/de\/#\/schema\/logo\/image\/\",\"url\":\"https:\/\/www.leaders21.com\/wp-content\/uploads\/leaders21-logo-horizontal-transparent-300x80-1.png\",\"contentUrl\":\"https:\/\/www.leaders21.com\/wp-content\/uploads\/leaders21-logo-horizontal-transparent-300x80-1.png\",\"width\":350,\"height\":80,\"caption\":\"Leaders21\"},\"image\":{\"@id\":\"https:\/\/www.leaders21.com\/de\/#\/schema\/logo\/image\/\"},\"sameAs\":[\"https:\/\/www.facebook.com\/Leaders21com\",\"https:\/\/www.instagram.com\/leaders21com\/\",\"https:\/\/www.linkedin.com\/company\/leaders21com\",\"https:\/\/www.youtube.com\/channel\/UCZG2JyyRknDawylccNWHPlQ\"]}]}<\/script>\n<!-- \/ Yoast SEO plugin. -->","yoast_head_json":{"title":"Digitale Transformation in der Personalentwicklung - Leaders21","description":"Leaders21 Live-Webinar: Erfahre, wie die digitale Transformation der Personalentwicklung unkompliziert gelingen kann.","robots":{"index":"index","follow":"follow","max-snippet":"max-snippet:-1","max-image-preview":"max-image-preview:large","max-video-preview":"max-video-preview:-1"},"canonical":"https:\/\/www.leaders21.com\/de\/events\/digitale-transformation-in-der-personalentwicklung\/","og_locale":"de_DE","og_type":"article","og_title":"Digitale Transformation in der Personalentwicklung - Leaders21","og_description":"Leaders21 Live-Webinar: Erfahre, wie die digitale Transformation der Personalentwicklung unkompliziert gelingen kann.","og_url":"https:\/\/www.leaders21.com\/de\/events\/digitale-transformation-in-der-personalentwicklung\/","og_site_name":"Leaders21","article_publisher":"https:\/\/www.facebook.com\/Leaders21com","article_modified_time":"2023-12-12T16:56:11+00:00","og_image":[{"width":1024,"height":576,"url":"https:\/\/www.leaders21.com\/wp-content\/uploads\/Kopie-von-Webinar-Header-1-1024x576.png","type":"image\/png"}],"twitter_card":"summary_large_image","twitter_misc":{"Gesch\u00e4tzte Lesezeit":"2\u00a0Minuten"},"schema":{"@context":"https:\/\/schema.org","@graph":[{"@type":"WebPage","@id":"https:\/\/www.leaders21.com\/de\/events\/digitale-transformation-in-der-personalentwicklung\/","url":"https:\/\/www.leaders21.com\/de\/events\/digitale-transformation-in-der-personalentwicklung\/","name":"Digitale Transformation in der Personalentwicklung - Leaders21","isPartOf":{"@id":"https:\/\/www.leaders21.com\/de\/#website"},"primaryImageOfPage":{"@id":"https:\/\/www.leaders21.com\/de\/events\/digitale-transformation-in-der-personalentwicklung\/#primaryimage"},"image":{"@id":"https:\/\/www.leaders21.com\/de\/events\/digitale-transformation-in-der-personalentwicklung\/#primaryimage"},"thumbnailUrl":"https:\/\/www.leaders21.com\/wp-content\/uploads\/Kopie-von-Webinar-Header-1.png","datePublished":"2023-11-09T10:14:57+00:00","dateModified":"2023-12-12T16:56:11+00:00","description":"Leaders21 Live-Webinar: Erfahre, wie die digitale Transformation der Personalentwicklung unkompliziert gelingen kann.","inLanguage":"de","potentialAction":[{"@type":"ReadAction","target":["https:\/\/www.leaders21.com\/de\/events\/digitale-transformation-in-der-personalentwicklung\/"]}]},{"@type":"ImageObject","inLanguage":"de","@id":"https:\/\/www.leaders21.com\/de\/events\/digitale-transformation-in-der-personalentwicklung\/#primaryimage","url":"https:\/\/www.leaders21.com\/wp-content\/uploads\/Kopie-von-Webinar-Header-1.png","contentUrl":"https:\/\/www.leaders21.com\/wp-content\/uploads\/Kopie-von-Webinar-Header-1.png","width":1920,"height":1080},{"@type":"WebSite","@id":"https:\/\/www.leaders21.com\/de\/#website","url":"https:\/\/www.leaders21.com\/de\/","name":"Leaders21","description":"","publisher":{"@id":"https:\/\/www.leaders21.com\/de\/#organization"},"potentialAction":[{"@type":"SearchAction","target":{"@type":"EntryPoint","urlTemplate":"https:\/\/www.leaders21.com\/de\/?s={search_term_string}"},"query-input":{"@type":"PropertyValueSpecification","valueRequired":true,"valueName":"search_term_string"}}],"inLanguage":"de"},{"@type":"Organization","@id":"https:\/\/www.leaders21.com\/de\/#organization","name":"Leaders21","url":"https:\/\/www.leaders21.com\/de\/","logo":{"@type":"ImageObject","inLanguage":"de","@id":"https:\/\/www.leaders21.com\/de\/#\/schema\/logo\/image\/","url":"https:\/\/www.leaders21.com\/wp-content\/uploads\/leaders21-logo-horizontal-transparent-300x80-1.png","contentUrl":"https:\/\/www.leaders21.com\/wp-content\/uploads\/leaders21-logo-horizontal-transparent-300x80-1.png","width":350,"height":80,"caption":"Leaders21"},"image":{"@id":"https:\/\/www.leaders21.com\/de\/#\/schema\/logo\/image\/"},"sameAs":["https:\/\/www.facebook.com\/Leaders21com","https:\/\/www.instagram.com\/leaders21com\/","https:\/\/www.linkedin.com\/company\/leaders21com","https:\/\/www.youtube.com\/channel\/UCZG2JyyRknDawylccNWHPlQ"]}]}},"_links":{"self":[{"href":"https:\/\/www.leaders21.com\/de\/wp-json\/wp\/v2\/events\/96172","targetHints":{"allow":["GET"]}}],"collection":[{"href":"https:\/\/www.leaders21.com\/de\/wp-json\/wp\/v2\/events"}],"about":[{"href":"https:\/\/www.leaders21.com\/de\/wp-json\/wp\/v2\/types\/events"}],"version-history":[{"count":15,"href":"https:\/\/www.leaders21.com\/de\/wp-json\/wp\/v2\/events\/96172\/revisions"}],"predecessor-version":[{"id":96188,"href":"https:\/\/www.leaders21.com\/de\/wp-json\/wp\/v2\/events\/96172\/revisions\/96188"}],"wp:featuredmedia":[{"embeddable":true,"href":"https:\/\/www.leaders21.com\/de\/wp-json\/wp\/v2\/media\/96180"}],"wp:attachment":[{"href":"https:\/\/www.leaders21.com\/de\/wp-json\/wp\/v2\/media?parent=96172"}],"wp:term":[{"taxonomy":"post_tag","embeddable":true,"href":"https:\/\/www.leaders21.com\/de\/wp-json\/wp\/v2\/tags?post=96172"}],"curies":[{"name":"wp","href":"https:\/\/api.w.org\/{rel}","templated":true}]}}